{"id":339053,"date":"2023-09-30T00:58:21","date_gmt":"2023-09-29T22:58:21","guid":{"rendered":"https:\/\/www.impactarte.es\/?page_id=339053"},"modified":"2025-07-28T10:55:27","modified_gmt":"2025-07-28T08:55:27","slug":"festival-internacional-de-musica-de-canarias","status":"publish","type":"page","link":"https:\/\/www.impactarte.es\/en\/festival-internacional-de-musica-de-canarias\/","title":{"rendered":"Canary Islands International Music Festival"},"content":{"rendered":"<p>[et_pb_section fb_built=\u00bb1&#8243; admin_label=\u00bbHeader\u00bb _builder_version=\u00bb4.22.0&#8243; _module_preset=\u00bbdefault\u00bb custom_margin=\u00bb||||false|false\u00bb custom_padding=\u00bb0px||0px||false|false\u00bb locked=\u00bboff\u00bb collapsed=\u00bboff\u00bb global_colors_info=\u00bb{}\u00bb][et_pb_row column_structure=\u00bb1_2,1_2&#8243; use_custom_gutter=\u00bbon\u00bb gutter_width=\u00bb1&#8243; make_equal=\u00bbon\u00bb _builder_version=\u00bb4.23.1&#8243; _module_preset=\u00bbdefault\u00bb background_enable_color=\u00bboff\u00bb background_image=\u00bbhttps:\/\/www.impactarte.es\/wp-content\/uploads\/jewelry-designer-54.png\u00bb background_size=\u00bbcontain\u00bb background_position=\u00bbtop_center\u00bb width=\u00bb100%\u00bb max_width=\u00bb100%\u00bb custom_margin=\u00bb0px||||false|false\u00bb custom_padding=\u00bb0px||0px||false|false\u00bb hover_enabled=\u00bb0&#8243; global_colors_info=\u00bb{}\u00bb sticky_enabled=\u00bb0&#8243;][et_pb_column type=\u00bb1_2&#8243; _builder_version=\u00bb4.23.1&#8243; _module_preset=\u00bbdefault\u00bb background_enable_color=\u00bboff\u00bb background_enable_image=\u00bboff\u00bb background_blend=\u00bboverlay\u00bb custom_padding=\u00bb8%|4%|8%|4%|true|true\u00bb custom_padding_tablet=\u00bb14%|8%|14%|8%|true|true\u00bb custom_padding_phone=\u00bb8%||8%||true|true\u00bb custom_padding_last_edited=\u00bbon|desktop\u00bb background_color_tablet=\u00bbrgba(0,0,0,0.6)\u00bb background_last_edited=\u00bbon|phone\u00bb background_enable_color_tablet=\u00bbon\u00bb background_image_tablet=\u00bbhttps:\/\/www.impactarte.es\/wp-content\/uploads\/38-festival-internacional-musica-canarias-2022-1.jpg\u00bb background_image_phone=\u00bbhttps:\/\/www.impactarte.es\/wp-content\/uploads\/38-festival-internacional-musica-canarias-2022-1.jpg\u00bb background_enable_image_tablet=\u00bbon\u00bb background_enable_image_phone=\u00bbon\u00bb background_position_tablet=\u00bbcenter\u00bb global_colors_info=\u00bb{}\u00bb][et_pb_text _builder_version=\u00bb4.22.0&#8243; _module_preset=\u00bbc16985e1-e0d6-4022-964d-e2bfc04fa633&#8243; header_font=\u00bb|800|||||||\u00bb header_text_align=\u00bbleft\u00bb header_text_color=\u00bb#000000&#8243; header_font_size=\u00bb80px\u00bb header_line_height=\u00bb1.3em\u00bb text_orientation=\u00bbcenter\u00bb custom_margin=\u00bb8px||30px||false|false\u00bb custom_margin_tablet=\u00bb0px||||false|false\u00bb custom_margin_phone=\u00bb0px||||false|false\u00bb custom_margin_last_edited=\u00bbon|phone\u00bb custom_padding=\u00bb||28px||false|false\u00bb header_text_color_tablet=\u00bb#FFFFFF\u00bb header_text_color_phone=\u00bb#FFFFFF\u00bb header_text_color_last_edited=\u00bbon|phone\u00bb header_font_size_tablet=\u00bb50px\u00bb header_font_size_phone=\u00bb26px\u00bb header_font_size_last_edited=\u00bbon|phone\u00bb global_colors_info=\u00bb{}\u00bb]<\/p>\n<h1><span>Canary Islands International Music Festival<\/span><\/h1>\n<p>[\/et_pb_text][\/et_pb_column][et_pb_column type=\u00bb1_2&#8243; disabled_on=\u00bbon|on|off\u00bb _builder_version=\u00bb4.23.1&#8243; _module_preset=\u00bbdefault\u00bb background_enable_color=\u00bboff\u00bb background_image=\u00bbhttps:\/\/www.impactarte.es\/wp-content\/uploads\/6151b7916f3aef748cb3f322_6687941c6aaaf6580014ca9c_ANimacion-prueba-FIMC-poster-00001.jpg\u00bb background_blend=\u00bboverlay\u00bb custom_padding=\u00bb8%|4%|8%|4%|true|true\u00bb custom_padding_tablet=\u00bb8%|8%|8%|8%|true|true\u00bb custom_padding_phone=\u00bb8%||8%||true|true\u00bb custom_padding_last_edited=\u00bbon|desktop\u00bb hover_enabled=\u00bb0&#8243; background_last_edited=\u00bbon|phone\u00bb global_colors_info=\u00bb{}\u00bb title_text=\u00bb6151b7916f3aef748cb3f322_6687941c6aaaf6580014ca9c_ANimacio\u0301n prueba FIMC-poster-00001&#8243; sticky_enabled=\u00bb0&#8243; background_position=\u00bbbottom_center\u00bb background_vertical_offset=\u00bb76%\u00bb][\/et_pb_column][\/et_pb_row][\/et_pb_section][et_pb_section fb_built=\u00bb1&#8243; admin_label=\u00bbAbout\u00bb _builder_version=\u00bb4.22.0&#8243; _module_preset=\u00bbdefault\u00bb background_color=\u00bb#f9f9f9&#8243; custom_padding=\u00bb||3px|||\u00bb collapsed=\u00bbon\u00bb global_colors_info=\u00bb{}\u00bb][et_pb_row _builder_version=\u00bb4.17.4&#8243; _module_preset=\u00bbdefault\u00bb global_colors_info=\u00bb{}\u00bb][et_pb_column type=\u00bb4_4&#8243; _builder_version=\u00bb4.17.4&#8243; _module_preset=\u00bbdefault\u00bb global_colors_info=\u00bb{}\u00bb][et_pb_text _builder_version=\u00bb4.23.1&#8243; _module_preset=\u00bb518880c8-46c7-4ffa-b5a6-93ffa99dcc17&#8243; text_font=\u00bbMontserrat||||||||\u00bb text_text_color=\u00bb#000000&#8243; text_line_height=\u00bb1.6em\u00bb hover_enabled=\u00bb0&#8243; text_font_size_tablet=\u00bb14px\u00bb text_font_size_phone=\u00bb11px\u00bb text_font_size_last_edited=\u00bbon|phone\u00bb global_colors_info=\u00bb{}\u00bb sticky_enabled=\u00bb0&#8243;]<\/p>\n<p><span>Proyecto centrado en el desarrollo de la narrativa y comunicaci\u00f3n a nivel nacional de las 38, 39, 40 y 41 edici\u00f3n del festival.\u00a0\u00a0<\/span><\/p>\n<p>[\/et_pb_text][\/et_pb_column][\/et_pb_row][et_pb_row column_structure=\u00bb1_2,1_2&#8243; _builder_version=\u00bb4.17.4&#8243; _module_preset=\u00bbdefault\u00bb global_colors_info=\u00bb{}\u00bb][et_pb_column type=\u00bb1_2&#8243; _builder_version=\u00bb4.17.4&#8243; _module_preset=\u00bbdefault\u00bb global_colors_info=\u00bb{}\u00bb][et_pb_code _builder_version=\u00bb4.22.0&#8243; _module_preset=\u00bbdefault\u00bb global_colors_info=\u00bb{}\u00bb]<iframe loading=\"lazy\" width=\"560\" height=\"315\" src=\"https:\/\/www.youtube.com\/embed\/Il6oOYdiZl0?si=Gi5noI0Ad-pXZdJh\" title=\"YouTube video player\" frameborder=\"0\" allow=\"accelerometer; autoplay; clipboard-write; encrypted-media; gyroscope; picture-in-picture; web-share\" allowfullscreen><\/iframe>[\/et_pb_code][\/et_pb_column][et_pb_column type=\u00bb1_2&#8243; _builder_version=\u00bb4.17.4&#8243; _module_preset=\u00bbdefault\u00bb global_colors_info=\u00bb{}\u00bb][et_pb_blurb title=\u00bbGALER\u00cdA DE V\u00cdDEO\u00bb url=\u00bbhttps:\/\/www.youtube.com\/playlist?list=PLiLQEc1xdA5oHYN_T5XxeR3FP2cASxOQ3&#8243; use_icon=\u00bbon\u00bb font_icon=\u00bb&#xf144;||fa||400&#8243; icon_color=\u00bb#E02B20&#8243; icon_placement=\u00bbleft\u00bb _builder_version=\u00bb4.22.0&#8243; _module_preset=\u00bbdefault\u00bb header_font=\u00bbKrona One||||||||\u00bb header_font_size=\u00bb16px\u00bb global_colors_info=\u00bb{}\u00bb][\/et_pb_blurb][et_pb_blurb title=\u00bbEL PA\u00cdS &#8211; BRANDED CONTENT (2025)\u00bb url=\u00bbhttps:\/\/elpais.com\/cultura\/festival-internacional-de-musica-de-canarias\/\u00bb use_icon=\u00bbon\u00bb font_icon=\u00bb&#xe02b;||divi||400&#8243; icon_color=\u00bb#E02B20&#8243; icon_placement=\u00bbleft\u00bb _builder_version=\u00bb4.23.1&#8243; _module_preset=\u00bbdefault\u00bb header_font=\u00bbKrona One||||||||\u00bb header_font_size=\u00bb16px\u00bb header_line_height=\u00bb1.8em\u00bb hover_enabled=\u00bb0&#8243; global_colors_info=\u00bb{}\u00bb sticky_enabled=\u00bb0&#8243;][\/et_pb_blurb][et_pb_blurb title=\u00bbEL PA\u00cdS &#8211; BRANDED CONTENT (2024)\u00bb url=\u00bbhttps:\/\/elpais.com\/cultura\/festival-internacional-de-musica-de-canarias\/2024-01-12\/un-invierno-de-notas-brillantes.html\u00bb use_icon=\u00bbon\u00bb font_icon=\u00bb&#xe02b;||divi||400&#8243; icon_color=\u00bb#E02B20&#8243; icon_placement=\u00bbleft\u00bb _builder_version=\u00bb4.23.1&#8243; _module_preset=\u00bbdefault\u00bb header_font=\u00bbKrona One||||||||\u00bb header_font_size=\u00bb16px\u00bb header_line_height=\u00bb1.8em\u00bb global_colors_info=\u00bb{}\u00bb][\/et_pb_blurb][et_pb_blurb title=\u00bbEL PA\u00cdS &#8211; BRANDED CONTENT (2023)\u00bb url=\u00bbhttps:\/\/elpais.com\/cultura\/festival-internacional-de-musica-de-canarias\/\u00bb use_icon=\u00bbon\u00bb font_icon=\u00bb&#xe02b;||divi||400&#8243; icon_color=\u00bb#E02B20&#8243; icon_placement=\u00bbleft\u00bb _builder_version=\u00bb4.23.1&#8243; _module_preset=\u00bbdefault\u00bb header_font=\u00bbKrona One||||||||\u00bb header_font_size=\u00bb16px\u00bb header_line_height=\u00bb1.8em\u00bb hover_enabled=\u00bb0&#8243; global_colors_info=\u00bb{}\u00bb sticky_enabled=\u00bb0&#8243;][\/et_pb_blurb][et_pb_blurb title=\u00bbTVE &#8211; LA AVENTURA DEL SABER &#8211; REPORTAJE\u00bb url=\u00bbhttps:\/\/www.rtve.es\/play\/videos\/la-aventura-del-saber\/festival-internacional-musica-canarias\/16023892\/\u00bb use_icon=\u00bbon\u00bb font_icon=\u00bb&#xe02b;||divi||400&#8243; icon_color=\u00bb#E02B20&#8243; icon_placement=\u00bbleft\u00bb _builder_version=\u00bb4.23.1&#8243; _module_preset=\u00bbdefault\u00bb header_font=\u00bbKrona One||||||||\u00bb header_font_size=\u00bb16px\u00bb header_line_height=\u00bb1.8em\u00bb global_colors_info=\u00bb{}\u00bb][\/et_pb_blurb][et_pb_blurb title=\u00bbCOPE FIN DE SEMANA &#8211; ENTREVISTA A JORGE PERDIG\u00d3N\u00bb url=\u00bbhttps:\/\/www.dropbox.com\/sh\/o9rqbc2tb67vbii\/AAAMNPIRc3weQzY4qPq6AisNa?dl=0&#8243; use_icon=\u00bbon\u00bb font_icon=\u00bb&#xe02b;||divi||400&#8243; icon_color=\u00bb#E02B20&#8243; icon_placement=\u00bbleft\u00bb _builder_version=\u00bb4.22.0&#8243; _module_preset=\u00bbdefault\u00bb header_font=\u00bbKrona One||||||||\u00bb header_font_size=\u00bb16px\u00bb header_line_height=\u00bb1.6em\u00bb global_colors_info=\u00bb{}\u00bb][\/et_pb_blurb][et_pb_blurb title=\u00bb LAS MA\u00d1ANAS DE RNE\u00bb url=\u00bbhttps:\/\/www.dropbox.com\/sh\/yayq5eg73001k6y\/AACq9ycEZ9jhU6xiqTrvrKU1a?dl=0&#8243; use_icon=\u00bbon\u00bb font_icon=\u00bb&#xe02b;||divi||400&#8243; icon_color=\u00bb#E02B20&#8243; icon_placement=\u00bbleft\u00bb _builder_version=\u00bb4.22.0&#8243; _module_preset=\u00bbdefault\u00bb header_font=\u00bbKrona One||||||||\u00bb header_font_size=\u00bb16px\u00bb header_line_height=\u00bb1.8em\u00bb global_colors_info=\u00bb{}\u00bb][\/et_pb_blurb][et_pb_blurb title=\u00bbLA VENTANA CADENA SER\u00bb url=\u00bbhttps:\/\/www.dropbox.com\/s\/iy1mds8y69p6l27\/JORGE-PERDIGON-LA-VENTANA-CADENA-SER-19ENERO2022.mp3?dl=0&#8243; use_icon=\u00bbon\u00bb font_icon=\u00bb&#xe02b;||divi||400&#8243; icon_color=\u00bb#E02B20&#8243; icon_placement=\u00bbleft\u00bb _builder_version=\u00bb4.22.0&#8243; _module_preset=\u00bbdefault\u00bb header_font=\u00bbKrona One||||||||\u00bb header_font_size=\u00bb16px\u00bb header_line_height=\u00bb1.8em\u00bb global_colors_info=\u00bb{}\u00bb][\/et_pb_blurb][et_pb_blurb title=\u00bbCOPE MEDIOD\u00cdA &#8211; ENTREVISTA A ANTONIO M\u00c9NDEZ\u00bb url=\u00bbhttps:\/\/www.dropbox.com\/s\/jop7zyrqokeg172\/ENTREVISTA-ANTONIO-MENDEZ-COPE-MEDIODIA-20ENERO2022.mp3?dl=0&#8243; use_icon=\u00bbon\u00bb font_icon=\u00bb&#xe02b;||divi||400&#8243; icon_color=\u00bb#E02B20&#8243; icon_placement=\u00bbleft\u00bb _builder_version=\u00bb4.22.0&#8243; _module_preset=\u00bbdefault\u00bb header_font=\u00bbKrona One||||||||\u00bb header_font_size=\u00bb16px\u00bb header_line_height=\u00bb1.8em\u00bb global_colors_info=\u00bb{}\u00bb][\/et_pb_blurb][\/et_pb_column][\/et_pb_row][et_pb_row column_structure=\u00bb1_2,1_2&#8243; _builder_version=\u00bb4.22.0&#8243; _module_preset=\u00bbdefault\u00bb global_colors_info=\u00bb{}\u00bb][et_pb_column type=\u00bb1_2&#8243; _builder_version=\u00bb4.22.0&#8243; _module_preset=\u00bbdefault\u00bb global_colors_info=\u00bb{}\u00bb][et_pb_text _builder_version=\u00bb4.21.0&#8243; _module_preset=\u00bbdefault\u00bb text_font=\u00bbKrona One|700|||||||\u00bb text_text_color=\u00bb#000000&#8243; global_colors_info=\u00bb{}\u00bb]<\/p>\n<p>Share with your friends:<\/p>\n<p>[\/et_pb_text][et_pb_text _builder_version=\u00bb4.21.0&#8243; _module_preset=\u00bbdefault\u00bb global_colors_info=\u00bb{}\u00bb]<div class=\"addtoany_shortcode\"><div class=\"a2a_kit a2a_kit_size_32 addtoany_list\" data-a2a-url=\"https:\/\/www.impactarte.es\/en\/festival-internacional-de-musica-de-canarias\/\" data-a2a-title=\"Festival Internacional de M\u00fasica de Canarias\"><a class=\"a2a_button_facebook\" href=\"https:\/\/www.addtoany.com\/add_to\/facebook?linkurl=https%3A%2F%2Fwww.impactarte.es%2Fen%2Ffestival-internacional-de-musica-de-canarias%2F&amp;linkname=Festival%20Internacional%20de%20M%C3%BAsica%20de%20Canarias\" title=\"Facebook\" rel=\"nofollow noopener\" target=\"_blank\"><\/a><a class=\"a2a_button_twitter\" href=\"https:\/\/www.addtoany.com\/add_to\/twitter?linkurl=https%3A%2F%2Fwww.impactarte.es%2Fen%2Ffestival-internacional-de-musica-de-canarias%2F&amp;linkname=Festival%20Internacional%20de%20M%C3%BAsica%20de%20Canarias\" title=\"Twitter\" rel=\"nofollow noopener\" target=\"_blank\"><\/a><a class=\"a2a_button_linkedin\" href=\"https:\/\/www.addtoany.com\/add_to\/linkedin?linkurl=https%3A%2F%2Fwww.impactarte.es%2Fen%2Ffestival-internacional-de-musica-de-canarias%2F&amp;linkname=Festival%20Internacional%20de%20M%C3%BAsica%20de%20Canarias\" title=\"LinkedIn\" rel=\"nofollow noopener\" target=\"_blank\"><\/a><a class=\"a2a_button_whatsapp\" href=\"https:\/\/www.addtoany.com\/add_to\/whatsapp?linkurl=https%3A%2F%2Fwww.impactarte.es%2Fen%2Ffestival-internacional-de-musica-de-canarias%2F&amp;linkname=Festival%20Internacional%20de%20M%C3%BAsica%20de%20Canarias\" title=\"WhatsApp\" rel=\"nofollow noopener\" target=\"_blank\"><\/a><a class=\"a2a_dd addtoany_share_save addtoany_share\" href=\"https:\/\/www.addtoany.com\/share\"><\/a><\/div><\/div>[\/et_pb_text][\/et_pb_column][et_pb_column type=\u00bb1_2&#8243; _builder_version=\u00bb4.22.0&#8243; _module_preset=\u00bbdefault\u00bb global_colors_info=\u00bb{}\u00bb][\/et_pb_column][\/et_pb_row][\/et_pb_section]<\/p>","protected":false},"excerpt":{"rendered":"<p>Festival Internacional de M\u00fasica de CanariasProyecto centrado en el desarrollo de la narrativa y comunicaci\u00f3n a nivel nacional de las 38, 39, 40 y 41 edici\u00f3n del festival.\u00a0\u00a0Comparte con tus amigos:<div class=\"addtoany_shortcode\"><div class=\"a2a_kit a2a_kit_size_32 addtoany_list\" data-a2a-url=\"https:\/\/www.impactarte.es\/en\/festival-internacional-de-musica-de-canarias\/\" data-a2a-title=\"Festival Internacional de M\u00fasica de Canarias\"><a class=\"a2a_button_facebook\" href=\"https:\/\/www.addtoany.com\/add_to\/facebook?linkurl=https%3A%2F%2Fwww.impactarte.es%2Fen%2Ffestival-internacional-de-musica-de-canarias%2F&amp;linkname=Festival%20Internacional%20de%20M%C3%BAsica%20de%20Canarias\" title=\"Facebook\" rel=\"nofollow noopener\" target=\"_blank\"><\/a><a class=\"a2a_button_twitter\" href=\"https:\/\/www.addtoany.com\/add_to\/twitter?linkurl=https%3A%2F%2Fwww.impactarte.es%2Fen%2Ffestival-internacional-de-musica-de-canarias%2F&amp;linkname=Festival%20Internacional%20de%20M%C3%BAsica%20de%20Canarias\" title=\"Twitter\" rel=\"nofollow noopener\" target=\"_blank\"><\/a><a class=\"a2a_button_linkedin\" href=\"https:\/\/www.addtoany.com\/add_to\/linkedin?linkurl=https%3A%2F%2Fwww.impactarte.es%2Fen%2Ffestival-internacional-de-musica-de-canarias%2F&amp;linkname=Festival%20Internacional%20de%20M%C3%BAsica%20de%20Canarias\" title=\"LinkedIn\" rel=\"nofollow noopener\" target=\"_blank\"><\/a><a class=\"a2a_button_whatsapp\" href=\"https:\/\/www.addtoany.com\/add_to\/whatsapp?linkurl=https%3A%2F%2Fwww.impactarte.es%2Fen%2Ffestival-internacional-de-musica-de-canarias%2F&amp;linkname=Festival%20Internacional%20de%20M%C3%BAsica%20de%20Canarias\" title=\"WhatsApp\" rel=\"nofollow noopener\" target=\"_blank\"><\/a><a class=\"a2a_dd addtoany_share_save addtoany_share\" href=\"https:\/\/www.addtoany.com\/share\"><\/a><\/div><\/div><\/p>","protected":false},"author":1,"featured_media":0,"parent":0,"menu_order":0,"comment_status":"closed","ping_status":"closed","template":"","meta":{"_et_pb_use_builder":"on","_et_pb_old_content":"<!-- wp:divi\/placeholder \/-->","_et_gb_content_width":"","footnotes":""},"class_list":["post-339053","page","type-page","status-publish","hentry"],"_links":{"self":[{"href":"https:\/\/www.impactarte.es\/en\/wp-json\/wp\/v2\/pages\/339053","targetHints":{"allow":["GET"]}}],"collection":[{"href":"https:\/\/www.impactarte.es\/en\/wp-json\/wp\/v2\/pages"}],"about":[{"href":"https:\/\/www.impactarte.es\/en\/wp-json\/wp\/v2\/types\/page"}],"author":[{"embeddable":true,"href":"https:\/\/www.impactarte.es\/en\/wp-json\/wp\/v2\/users\/1"}],"replies":[{"embeddable":true,"href":"https:\/\/www.impactarte.es\/en\/wp-json\/wp\/v2\/comments?post=339053"}],"version-history":[{"count":12,"href":"https:\/\/www.impactarte.es\/en\/wp-json\/wp\/v2\/pages\/339053\/revisions"}],"predecessor-version":[{"id":340675,"href":"https:\/\/www.impactarte.es\/en\/wp-json\/wp\/v2\/pages\/339053\/revisions\/340675"}],"wp:attachment":[{"href":"https:\/\/www.impactarte.es\/en\/wp-json\/wp\/v2\/media?parent=339053"}],"curies":[{"name":"wp","href":"https:\/\/api.w.org\/{rel}","templated":true}]}}